{"id":48887,"date":"2026-04-17T18:14:20","date_gmt":"2026-04-17T18:14:20","guid":{"rendered":"https:\/\/www.tuvendes.com.ar\/demo\/producto\/calendarios-monza-2\/"},"modified":"2026-04-17T18:14:45","modified_gmt":"2026-04-17T18:14:45","slug":"calendarios-monza-2","status":"publish","type":"product","link":"https:\/\/www.tuvendes.com.ar\/demo\/producto\/calendarios-monza-2\/","title":{"rendered":"Calendarios Monza"},"content":{"rendered":"<table class=\"t1\" style=\"height: 564px\" width=\"669\" cellspacing=\"0\" cellpadding=\"0\">\n<tbody>\n<tr>\n<td class=\"td1\" valign=\"top\">\n<p class=\"p1\">Tama\u00f1o de la l\u00e1mina:<\/p>\n<\/td>\n<td class=\"td1\" valign=\"top\">\n<p class=\"p1\">17,5 x 8,5 cm<\/p>\n<\/td>\n<\/tr>\n<tr>\n<td class=\"td1\" valign=\"top\">\n<p class=\"p1\">Color base:<\/p>\n<\/td>\n<td class=\"td1\" valign=\"top\">\n<p class=\"p1\">Negro \u00f3 Plata<\/p>\n<\/td>\n<\/tr>\n<tr>\n<td class=\"td1\" valign=\"top\">\n<p class=\"p1\">Tipo base:<\/p>\n<\/td>\n<td class=\"td1\" valign=\"top\">\n<p class=\"p1\">Tipo acr\u00edlico<\/p>\n<\/td>\n<\/tr>\n<tr>\n<td class=\"td1\" valign=\"top\">\n<p class=\"p1\">L\u00e1minas:<\/p>\n<\/td>\n<td class=\"td1\" valign=\"top\">\n<p class=\"p1\">12<\/p>\n<\/td>\n<\/tr>\n<tr>\n<td class=\"td1\" valign=\"top\">\n<p class=\"p1\">Papel:<\/p>\n<\/td>\n<td class=\"td1\" valign=\"top\">\n<p class=\"p1\">200 grs.<\/p>\n<\/td>\n<\/tr>\n<tr>\n<td class=\"td1\" valign=\"top\">\n<p class=\"p1\">Motivo:<\/p>\n<\/td>\n<td class=\"td1\" valign=\"top\">\n<p class=\"p1\">Paisajes o Arte Naif (art\u00edstica Piluca)<\/p>\n<\/td>\n<\/tr>\n<tr>\n<td class=\"td1\" valign=\"top\">\n<p class=\"p1\">Caracter\u00edsticas:<\/p>\n<\/td>\n<td class=\"td1\" valign=\"top\">\n<p class=\"p1\">Full color<\/p>\n<\/td>\n<\/tr>\n<tr>\n<td class=\"td1\" valign=\"top\"><\/td>\n<td class=\"td1\" valign=\"top\">\n<p class=\"p1\">Papel ilustraci\u00f3n<\/p>\n<\/td>\n<\/tr>\n<tr>\n<td class=\"td1\" valign=\"top\"><\/td>\n<td class=\"td1\" valign=\"top\">\n<p class=\"p1\">Recordatorio al dorso \/ Cuadr\u00edcula<\/p>\n<\/td>\n<\/tr>\n<\/tbody>\n<\/table>\n","protected":false},"excerpt":{"rendered":"<p>Tama\u00f1o de la l\u00e1mina: 17,5 x 8,5 cm Color base: Negro \u00f3 Plata Tipo base: Tipo acr\u00edlico L\u00e1minas: 12 Papel:<\/p>\n","protected":false},"featured_media":48888,"template":"","meta":[],"product_brand":[],"product_cat":[1929],"product_tag":[],"class_list":{"0":"post-48887","1":"product","2":"type-product","3":"status-publish","4":"has-post-thumbnail","6":"product_cat-calendarios","8":"first","9":"instock","10":"shipping-taxable","11":"purchasable","12":"product-type-simple"},"_links":{"self":[{"href":"https:\/\/www.tuvendes.com.ar\/demo\/wp-json\/wp\/v2\/product\/48887","targetHints":{"allow":["GET"]}}],"collection":[{"href":"https:\/\/www.tuvendes.com.ar\/demo\/wp-json\/wp\/v2\/product"}],"about":[{"href":"https:\/\/www.tuvendes.com.ar\/demo\/wp-json\/wp\/v2\/types\/product"}],"wp:featuredmedia":[{"embeddable":true,"href":"https:\/\/www.tuvendes.com.ar\/demo\/wp-json\/wp\/v2\/media\/48888"}],"wp:attachment":[{"href":"https:\/\/www.tuvendes.com.ar\/demo\/wp-json\/wp\/v2\/media?parent=48887"}],"wp:term":[{"taxonomy":"product_brand","embeddable":true,"href":"https:\/\/www.tuvendes.com.ar\/demo\/wp-json\/wp\/v2\/product_brand?post=48887"},{"taxonomy":"product_cat","embeddable":true,"href":"https:\/\/www.tuvendes.com.ar\/demo\/wp-json\/wp\/v2\/product_cat?post=48887"},{"taxonomy":"product_tag","embeddable":true,"href":"https:\/\/www.tuvendes.com.ar\/demo\/wp-json\/wp\/v2\/product_tag?post=48887"}],"curies":[{"name":"wp","href":"https:\/\/api.w.org\/{rel}","templated":true}]}}